{"id":727,"date":"2020-09-03T10:34:23","date_gmt":"2020-09-03T08:34:23","guid":{"rendered":"https:\/\/www.elektropostal.org\/?page_id=727"},"modified":"2020-09-03T10:35:14","modified_gmt":"2020-09-03T08:35:14","slug":"team","status":"publish","type":"page","link":"https:\/\/www.elektropostal.aero\/en\/team\/","title":{"rendered":"Team"},"content":{"rendered":"<div id=\"pl-727\"  class=\"panel-layout\" ><div id=\"pg-727-0\"  class=\"panel-grid panel-has-style\" ><div class=\"siteorigin-panels-stretch panel-row-style panel-row-style-for-727-0\" data-stretch-type=\"full-stretched\" ><div id=\"pgc-727-0-0\"  class=\"panel-grid-cell\" ><div id=\"panel-727-0-0-0\" class=\"so-panel widget widget_sow-hero panel-first-child panel-last-child\" data-index=\"0\" ><div\n\t\t\t\n\t\t\tclass=\"so-widget-sow-hero so-widget-sow-hero-default-b729c64cd3b0-727\"\n\t\t\t\n\t\t>\t\t\t\t<div class=\"sow-slider-base\" style=\"display: none\" tabindex=\"0\">\n\t\t\t\t\t<ul\n\t\t\t\t\tclass=\"sow-slider-images\"\n\t\t\t\t\tdata-settings=\"{&quot;pagination&quot;:true,&quot;speed&quot;:800,&quot;timeout&quot;:8000,&quot;paused&quot;:true,&quot;pause_on_hover&quot;:false,&quot;swipe&quot;:false,&quot;nav_always_show_desktop&quot;:&quot;&quot;,&quot;nav_always_show_mobile&quot;:&quot;&quot;,&quot;breakpoint&quot;:&quot;780px&quot;,&quot;unmute&quot;:false,&quot;anchor&quot;:null}\"\n\t\t\t\t\t\t\t\t\t\tdata-anchor-id=\"\"\n\t\t\t\t>\t\t<li class=\"sow-slider-image  sow-slider-image-cover\" style=\"visibility: visible;;background-color: #333333;background-image: url(https:\/\/www.elektropostal.aero\/wp-content\/uploads\/2020\/07\/sky-690293_1920.jpg)\" >\n\t\t\t\t\t<div class=\"sow-slider-image-container\">\n\t\t\t<div class=\"sow-slider-image-wrapper\">\n\t\t\t\t<h1>TEAM<\/h1>\n\t\t\t<\/div>\n\t\t<\/div>\n\t\t\t\t<\/li>\n\t\t<\/ul>\t\t\t\t<ol class=\"sow-slider-pagination\">\n\t\t\t\t\t\t\t\t\t\t\t<li><a href=\"#\" data-goto=\"0\" aria-label=\"Display slide 1\"><\/a><\/li>\n\t\t\t\t\t\t\t\t\t<\/ol>\n\n\t\t\t\t<div class=\"sow-slide-nav sow-slide-nav-next\">\n\t\t\t\t\t<a href=\"#\" data-goto=\"next\" aria-label=\"Next slide\" data-action=\"next\">\n\t\t\t\t\t\t<em class=\"sow-sld-icon-thin-right\"><\/em>\n\t\t\t\t\t<\/a>\n\t\t\t\t<\/div>\n\n\t\t\t\t<div class=\"sow-slide-nav sow-slide-nav-prev\">\n\t\t\t\t\t<a href=\"#\" data-goto=\"previous\" aria-label=\"Previous slide\" data-action=\"prev\">\n\t\t\t\t\t\t<em class=\"sow-sld-icon-thin-left\"><\/em>\n\t\t\t\t\t<\/a>\n\t\t\t\t<\/div>\n\t\t\t\t<\/div><\/div><\/div><\/div><\/div><\/div><div id=\"pg-727-1\"  class=\"panel-grid panel-no-style\" ><div id=\"pgc-727-1-0\"  class=\"panel-grid-cell\" ><div id=\"panel-727-1-0-0\" class=\"so-panel widget widget_sow-headline panel-first-child panel-last-child\" data-index=\"1\" ><div\n\t\t\t\n\t\t\tclass=\"so-widget-sow-headline so-widget-sow-headline-default-2322e81b9ecd-727\"\n\t\t\t\n\t\t><div class=\"sow-headline-container \">\n\t\t\t\t\t\t\t<h1 class=\"sow-headline\">\n\t\t\t\t\t\tDIRECTION\t\t\t\t\t\t<\/h1>\n\t\t\t\t\t\t<\/div>\n<\/div><\/div><\/div><\/div><div id=\"pg-727-2\"  class=\"panel-grid panel-has-style\" ><div class=\"ep-circled-img panel-row-style panel-row-style-for-727-2\" ><div id=\"pgc-727-2-0\"  class=\"panel-grid-cell\" ><div id=\"panel-727-2-0-0\" class=\"so-panel widget widget_sow-editor panel-first-child panel-last-child\" data-index=\"2\" ><div\n\t\t\t\n\t\t\tclass=\"so-widget-sow-editor so-widget-sow-editor-base\"\n\t\t\t\n\t\t>\n<div class=\"siteorigin-widget-tinymce textwidget\">\n\t<p><img fetchpriority=\"high\" fetchpriority=\"high\" decoding=\"async\" class=\"alignnone wp-image-430 size-medium\" src=\"https:\/\/www.elektropostal.org\/wp-content\/uploads\/2020\/08\/herve-e1598998480340-300x300.jpg\" alt=\"\" width=\"300\" height=\"300\" srcset=\"https:\/\/www.elektropostal.aero\/wp-content\/uploads\/2020\/08\/herve-e1598998480340-300x300.jpg 300w, https:\/\/www.elektropostal.aero\/wp-content\/uploads\/2020\/08\/herve-e1598998480340-1022x1024.jpg 1022w, https:\/\/www.elektropostal.aero\/wp-content\/uploads\/2020\/08\/herve-e1598998480340-150x150.jpg 150w, https:\/\/www.elektropostal.aero\/wp-content\/uploads\/2020\/08\/herve-e1598998480340-768x769.jpg 768w, https:\/\/www.elektropostal.aero\/wp-content\/uploads\/2020\/08\/herve-e1598998480340-500x500.jpg 500w, https:\/\/www.elektropostal.aero\/wp-content\/uploads\/2020\/08\/herve-e1598998480340.jpg 1066w\" sizes=\"(max-width: 300px) 100vw, 300px\" \/><\/p>\n<h4 style=\"text-align: center;\">Herv\u00e9 Berardi<\/h4>\n<p>Pilote de ligne, instructeur, 11 000 heures de vol.<br \/>Parcourt la ligne A\u00e9ropostale depuis plus de 20 ans en Europe, Afrique et Am\u00e9rique du sud.<br \/>Passionn\u00e9 d\u2019a\u00e9ronautique et de l\u2019histoire de l\u2019A\u00e9ropostale, son engagement dans le monde associatif solidaire, culturel, pour la Jeunesse est fort.<br \/>Souhaite participer \u00e0 la construction de l\u2019aviation du futur et transmettre sa passion aux jeunes.<\/p>\n<\/div>\n<\/div><\/div><\/div><div id=\"pgc-727-2-1\"  class=\"panel-grid-cell\" ><div id=\"panel-727-2-1-0\" class=\"so-panel widget widget_sow-editor panel-first-child panel-last-child\" data-index=\"3\" ><div\n\t\t\t\n\t\t\tclass=\"so-widget-sow-editor so-widget-sow-editor-base\"\n\t\t\t\n\t\t>\n<div class=\"siteorigin-widget-tinymce textwidget\">\n\t<p><img decoding=\"async\" class=\"size-medium wp-image-243 aligncenter\" src=\"https:\/\/www.elektropostal.org\/wp-content\/uploads\/2020\/08\/mail-e1598520654226-300x300.jpg\" alt=\"\" width=\"300\" height=\"300\" srcset=\"https:\/\/www.elektropostal.aero\/wp-content\/uploads\/2020\/08\/mail-e1598520654226-300x300.jpg 300w, https:\/\/www.elektropostal.aero\/wp-content\/uploads\/2020\/08\/mail-e1598520654226-150x150.jpg 150w, https:\/\/www.elektropostal.aero\/wp-content\/uploads\/2020\/08\/mail-e1598520654226-500x500.jpg 500w, https:\/\/www.elektropostal.aero\/wp-content\/uploads\/2020\/08\/mail-e1598520654226.jpg 517w\" sizes=\"(max-width: 300px) 100vw, 300px\" \/><\/p>\n<h4 style=\"text-align: center;\">Ilhame Guechati<\/h4>\n<p>Ilhame, allias Lili,&nbsp; n\u00e9e le 08 Ao\u00fbt 1991. Franco-Marocaine. Ancien pilote d'h\u00e9licopt\u00e8res militaires, premi\u00e8re femme franco-marocaine brevet\u00e9e pilote d'h\u00e9licopt\u00e8res de combat et instructrice pilote.<br \/>Vice Pr\u00e9sidente de l'organisation Elektropostal, engag\u00e9e pour la recherche et la promotion d'a\u00e9ronefs \u00e0 l'\u00e9nergie propre, afin de cr\u00e9er un futur \u00e9co responsable, novateur.<\/p>\n<\/div>\n<\/div><\/div><\/div><div id=\"pgc-727-2-2\"  class=\"panel-grid-cell\" ><div id=\"panel-727-2-2-0\" class=\"so-panel widget widget_sow-editor panel-first-child panel-last-child\" data-index=\"4\" ><div\n\t\t\t\n\t\t\tclass=\"so-widget-sow-editor so-widget-sow-editor-base\"\n\t\t\t\n\t\t>\n<div class=\"siteorigin-widget-tinymce textwidget\">\n\t<p><img decoding=\"async\" class=\"size-full wp-image-266 aligncenter\" src=\"https:\/\/www.elektropostal.org\/wp-content\/uploads\/2020\/08\/unnamed-e1598525803649.jpg\" alt=\"\" width=\"241\" height=\"241\" srcset=\"https:\/\/www.elektropostal.aero\/wp-content\/uploads\/2020\/08\/unnamed-e1598525803649.jpg 241w, https:\/\/www.elektropostal.aero\/wp-content\/uploads\/2020\/08\/unnamed-e1598525803649-150x150.jpg 150w\" sizes=\"(max-width: 241px) 100vw, 241px\" \/><\/p>\n<h4 style=\"text-align: center;\">Bernard Dartevelle<\/h4>\n<p>Fils d\u2019un officier de l\u2019a\u00e9ronavale, Bernard Dartevelle, 70 ans et&nbsp; Avocat de profession. Pilote priv\u00e9 et Tr\u00e9sorier de son Aeroclub \u00e0 Mortagne au Perche. Parcours le monde au travers de ses missions humanitaires au Maghreb, en Afrique, en Irak, en Birmanie et en Albanie. Engag\u00e9 \u00e0 travers l'Aviation afin de cr\u00e9er un futur propre et durable pour la plan\u00e8te et l'humanit\u00e9.<\/p>\n<\/div>\n<\/div><\/div><\/div><\/div><\/div><div id=\"pg-727-3\"  class=\"panel-grid panel-has-style\" ><div class=\"ep-circled-img panel-row-style panel-row-style-for-727-3\" ><div id=\"pgc-727-3-0\"  class=\"panel-grid-cell\" ><div id=\"panel-727-3-0-0\" class=\"so-panel widget widget_sow-editor panel-first-child panel-last-child\" data-index=\"5\" ><div\n\t\t\t\n\t\t\tclass=\"so-widget-sow-editor so-widget-sow-editor-base\"\n\t\t\t\n\t\t>\n<div class=\"siteorigin-widget-tinymce textwidget\">\n\t<p style=\"text-align: center;\"><img loading=\"lazy\" loading=\"lazy\" decoding=\"async\" class=\"wp-image-69 aligncenter\" src=\"https:\/\/www.elektropostal.org\/wp-content\/uploads\/2020\/08\/Raphael-Domjan_original_backup-e1597927399568-300x300.jpg\" alt=\"\" width=\"270\" height=\"270\" srcset=\"https:\/\/www.elektropostal.aero\/wp-content\/uploads\/2020\/08\/Raphael-Domjan_original_backup-e1597927399568-300x300.jpg 300w, https:\/\/www.elektropostal.aero\/wp-content\/uploads\/2020\/08\/Raphael-Domjan_original_backup-e1597927399568-150x150.jpg 150w, https:\/\/www.elektropostal.aero\/wp-content\/uploads\/2020\/08\/Raphael-Domjan_original_backup-e1597927399568-500x500.jpg 500w, https:\/\/www.elektropostal.aero\/wp-content\/uploads\/2020\/08\/Raphael-Domjan_original_backup-e1597927399568.jpg 567w\" sizes=\"auto, (max-width: 270px) 100vw, 270px\" \/><\/p>\n<h4 style=\"text-align: center;\">Rapha\u00ebl Domjan<\/h4>\n<p>Rapha\u00ebl n\u00e9 le 19 janvier 1972 \u00e0 Neuch\u00e2tel et originaire de Lausanne (Suisse). Ecoaventurier et conf\u00e9rencier.<br \/>Passionn\u00e9 d\u2019aventure et d\u2019exploration depuis son enfance. Fondateur de PlanetSolar, \u00e9co-explorateur, conf\u00e9rencier et engag\u00e9 pour la promotion de l\u2019\u00e9nergie solaire afin de lutter contre les changements climatiques.<\/p>\n<\/div>\n<\/div><\/div><\/div><div id=\"pgc-727-3-1\"  class=\"panel-grid-cell panel-grid-cell-mobile-last\" ><div id=\"panel-727-3-1-0\" class=\"so-panel widget widget_sow-editor panel-first-child panel-last-child\" data-index=\"6\" ><div\n\t\t\t\n\t\t\tclass=\"so-widget-sow-editor so-widget-sow-editor-base\"\n\t\t\t\n\t\t>\n<div class=\"siteorigin-widget-tinymce textwidget\">\n\t<p style=\"text-align: center;\"><img loading=\"lazy\" loading=\"lazy\" decoding=\"async\" class=\"size-full wp-image-72 aligncenter\" src=\"https:\/\/www.elektropostal.org\/wp-content\/uploads\/2020\/08\/roland-loos-360x270-1-e1597927779480.jpg\" alt=\"\" width=\"270\" height=\"270\" srcset=\"https:\/\/www.elektropostal.aero\/wp-content\/uploads\/2020\/08\/roland-loos-360x270-1-e1597927779480.jpg 270w, https:\/\/www.elektropostal.aero\/wp-content\/uploads\/2020\/08\/roland-loos-360x270-1-e1597927779480-150x150.jpg 150w\" sizes=\"auto, (max-width: 270px) 100vw, 270px\" \/><\/p>\n<h4 style=\"text-align: center;\">Roland Loos<\/h4>\n<p>Roland, ing\u00e9nieur dipl\u00f4m\u00e9 en \u00e9lectricit\u00e9 de l\u2019Ecole Polytechnique F\u00e9d\u00e9rale de Lausanne (EPFL). Passionn\u00e9 d'a\u00e9ronautique et par l'entrepreunariat, cr\u00e9\u00e9 et d\u00e9veloppe de nouvelles activit\u00e9s autour du monde et encourage et soutient de jeunes entreprises.<br \/>Son engagement associatif est fort et notamment sur le continent africain.<\/p>\n<\/div>\n<\/div><\/div><\/div><div id=\"pgc-727-3-2\"  class=\"panel-grid-cell panel-grid-cell-empty\" ><\/div><\/div><\/div><div id=\"pg-727-4\"  class=\"panel-grid panel-no-style\" ><div id=\"pgc-727-4-0\"  class=\"panel-grid-cell\" ><div id=\"panel-727-4-0-0\" class=\"so-panel widget widget_sow-headline panel-first-child panel-last-child\" data-index=\"7\" ><div\n\t\t\t\n\t\t\tclass=\"so-widget-sow-headline so-widget-sow-headline-default-2322e81b9ecd-727\"\n\t\t\t\n\t\t><div class=\"sow-headline-container \">\n\t\t\t\t\t\t\t<h1 class=\"sow-headline\">\n\t\t\t\t\t\tOP\u00c9RATIONS\t\t\t\t\t\t<\/h1>\n\t\t\t\t\t\t<\/div>\n<\/div><\/div><\/div><\/div><div id=\"pg-727-5\"  class=\"panel-grid panel-has-style\" ><div class=\"ep-circled-img panel-row-style panel-row-style-for-727-5\" ><div id=\"pgc-727-5-0\"  class=\"panel-grid-cell\" ><div id=\"panel-727-5-0-0\" class=\"so-panel widget widget_sow-editor panel-first-child panel-last-child\" data-index=\"8\" ><div\n\t\t\t\n\t\t\tclass=\"so-widget-sow-editor so-widget-sow-editor-base\"\n\t\t\t\n\t\t>\n<div class=\"siteorigin-widget-tinymce textwidget\">\n\t<p style=\"text-align: center;\"><img loading=\"lazy\" loading=\"lazy\" decoding=\"async\" class=\"alignnone wp-image-270 size-medium\" src=\"https:\/\/www.elektropostal.org\/wp-content\/uploads\/2020\/08\/Olivier-2-scaled-e1598527110547-300x300.jpg\" alt=\"\" width=\"300\" height=\"300\"><\/p>\n<h4 style=\"text-align: center;\">Olivier Desybourg<\/h4>\n<p>Olivier, n\u00e9 le 7 juillet 1956, passionn\u00e9 d'aviation d\u00e8s son adolescence. Pilote d'avions et d'h\u00e9licopt\u00e8res, ing\u00e9nieur et enqu\u00eateur sur les accidents d'aviation. Concern\u00e9 par&nbsp; les \u00e9nergies renouvelables, en priorit\u00e9 pour le respect de notre plan\u00e8te. Engag\u00e9 dans&nbsp; dans le comit\u00e9 de l\u2019organisation Elektropostal, de fa\u00e7on \u00e0 promouvoir cette nouvelle g\u00e9n\u00e9ration d\u2019a\u00e9ronefs.<\/p>\n<\/div>\n<\/div><\/div><\/div><div id=\"pgc-727-5-1\"  class=\"panel-grid-cell\" ><div id=\"panel-727-5-1-0\" class=\"so-panel widget widget_sow-editor panel-first-child panel-last-child\" data-index=\"9\" ><div\n\t\t\t\n\t\t\tclass=\"so-widget-sow-editor so-widget-sow-editor-base\"\n\t\t\t\n\t\t>\n<div class=\"siteorigin-widget-tinymce textwidget\">\n\t<p><img loading=\"lazy\" loading=\"lazy\" decoding=\"async\" class=\"alignnone size-full wp-image-598\" src=\"https:\/\/www.elektropostal.org\/wp-content\/uploads\/2020\/09\/philippe-pilloud-ppsm-e1598998618518.jpg\" alt=\"\" width=\"1028\" height=\"1028\" srcset=\"https:\/\/www.elektropostal.aero\/wp-content\/uploads\/2020\/09\/philippe-pilloud-ppsm-e1598998618518.jpg 1028w, https:\/\/www.elektropostal.aero\/wp-content\/uploads\/2020\/09\/philippe-pilloud-ppsm-e1598998618518-300x300.jpg 300w, https:\/\/www.elektropostal.aero\/wp-content\/uploads\/2020\/09\/philippe-pilloud-ppsm-e1598998618518-1024x1024.jpg 1024w, https:\/\/www.elektropostal.aero\/wp-content\/uploads\/2020\/09\/philippe-pilloud-ppsm-e1598998618518-150x150.jpg 150w, https:\/\/www.elektropostal.aero\/wp-content\/uploads\/2020\/09\/philippe-pilloud-ppsm-e1598998618518-768x768.jpg 768w, https:\/\/www.elektropostal.aero\/wp-content\/uploads\/2020\/09\/philippe-pilloud-ppsm-e1598998618518-500x500.jpg 500w\" sizes=\"auto, (max-width: 1028px) 100vw, 1028px\" \/><\/p>\n<h4 style=\"text-align: center;\">Philippe Pilloud<\/h4>\n<p>Pilote de ligne et instructeur dans l\u2019aviation g\u00e9n\u00e9rale depuis plus de 20 ans,&nbsp; accumule plus de 10 000 heures de vol sur tous types d'avions allant des a\u00e9ronefs ultral\u00e9gers au Boeing 737 ou encore Airbus 320. Actuellement Commandant de bord sur Airbus A320, en charge depuis plus de 15 ans de la s\u00e9curit\u00e9 des vols. Dipl\u00f4m\u00e9 d'un master en a\u00e9ronautique, d\u2019une formation d'enqu\u00eateurs accident d\u2019avions ainsi qu\u2019une formation d\u2019ing\u00e9nieur en m\u00e9canique. Chef d'entreprises principalement dans le domaine durable, dont une de voitures \u00e9lectriques.<br \/>Engag\u00e9 dans l'aventure pionni\u00e8re Elektropostal alliant a\u00e9ronautique et d\u00e9veloppement durable.<\/p>\n<\/div>\n<\/div><\/div><\/div><div id=\"pgc-727-5-2\"  class=\"panel-grid-cell\" ><div id=\"panel-727-5-2-0\" class=\"so-panel widget widget_sow-editor panel-first-child panel-last-child\" data-index=\"10\" ><div\n\t\t\t\n\t\t\tclass=\"so-widget-sow-editor so-widget-sow-editor-base\"\n\t\t\t\n\t\t>\n<div class=\"siteorigin-widget-tinymce textwidget\">\n\t<p style=\"text-align: center;\"><img loading=\"lazy\" loading=\"lazy\" decoding=\"async\" class=\"alignnone wp-image-404 size-medium\" src=\"https:\/\/www.elektropostal.org\/wp-content\/uploads\/2020\/08\/Benj-1-e1598998695937-300x300.jpg\" alt=\"\" width=\"300\" height=\"300\" srcset=\"https:\/\/www.elektropostal.aero\/wp-content\/uploads\/2020\/08\/Benj-1-e1598998695937-300x300.jpg 300w, https:\/\/www.elektropostal.aero\/wp-content\/uploads\/2020\/08\/Benj-1-e1598998695937-1024x1024.jpg 1024w, https:\/\/www.elektropostal.aero\/wp-content\/uploads\/2020\/08\/Benj-1-e1598998695937-150x150.jpg 150w, https:\/\/www.elektropostal.aero\/wp-content\/uploads\/2020\/08\/Benj-1-e1598998695937-768x768.jpg 768w, https:\/\/www.elektropostal.aero\/wp-content\/uploads\/2020\/08\/Benj-1-e1598998695937-500x500.jpg 500w, https:\/\/www.elektropostal.aero\/wp-content\/uploads\/2020\/08\/Benj-1-e1598998695937.jpg 1202w\" sizes=\"auto, (max-width: 300px) 100vw, 300px\" \/><\/p>\n<h4 style=\"text-align: center;\">Benjamin Vignal<\/h4>\n<p>Benjamin, 28 ans, ilote de ligne, instructeur de vol et&nbsp; grand passionn\u00e9 d\u2019a\u00e9roautique et d'aventure.&nbsp; Engag\u00e9 au sein du comit\u00e9 Elektropostal pour la promotion et la cr\u00e9ation d'une Aviation propre.<\/p>\n<\/div>\n<\/div><\/div><\/div><div id=\"pgc-727-5-3\"  class=\"panel-grid-cell\" ><div id=\"panel-727-5-3-0\" class=\"so-panel widget widget_sow-editor panel-first-child panel-last-child\" data-index=\"11\" ><div\n\t\t\t\n\t\t\tclass=\"so-widget-sow-editor so-widget-sow-editor-base\"\n\t\t\t\n\t\t>\n<div class=\"siteorigin-widget-tinymce textwidget\">\n\t<p style=\"text-align: center;\"><img loading=\"lazy\" loading=\"lazy\" decoding=\"async\" class=\"alignnone wp-image-424 size-medium\" src=\"https:\/\/www.elektropostal.org\/wp-content\/uploads\/2020\/08\/Seb-e1598998818165-300x300.jpg\" alt=\"\" width=\"300\" height=\"300\" srcset=\"https:\/\/www.elektropostal.aero\/wp-content\/uploads\/2020\/08\/Seb-e1598998818165-300x300.jpg 300w, https:\/\/www.elektropostal.aero\/wp-content\/uploads\/2020\/08\/Seb-e1598998818165-150x150.jpg 150w, https:\/\/www.elektropostal.aero\/wp-content\/uploads\/2020\/08\/Seb-e1598998818165-500x500.jpg 500w, https:\/\/www.elektropostal.aero\/wp-content\/uploads\/2020\/08\/Seb-e1598998818165.jpg 514w\" sizes=\"auto, (max-width: 300px) 100vw, 300px\" \/><\/p>\n<h4 style=\"text-align: center;\">S\u00e9bastien S\u00e9guineau<\/h4>\n<p>Originaire de Toulouse, pilote de planeur, de montgolfi\u00e8re, et pilote professionnel qualifi\u00e9 Boeing737. Passionn\u00e9 d'aviation, de voyages entre la France et le Maroc. Engag\u00e9 pour un futur eco-responsable et une Aviation propre.<\/p>\n<\/div>\n<\/div><\/div><\/div><\/div><\/div><div id=\"pg-727-6\"  class=\"panel-grid panel-no-style\" ><div id=\"pgc-727-6-0\"  class=\"panel-grid-cell\" ><div id=\"panel-727-6-0-0\" class=\"so-panel widget widget_sow-headline panel-first-child panel-last-child\" data-index=\"12\" ><div\n\t\t\t\n\t\t\tclass=\"so-widget-sow-headline so-widget-sow-headline-default-2322e81b9ecd-727\"\n\t\t\t\n\t\t><div class=\"sow-headline-container \">\n\t\t\t\t\t\t\t<h1 class=\"sow-headline\">\n\t\t\t\t\t\tLOGISTIQUE\t\t\t\t\t\t<\/h1>\n\t\t\t\t\t\t<\/div>\n<\/div><\/div><\/div><\/div><div id=\"pg-727-7\"  class=\"panel-grid panel-has-style\" ><div class=\"ep-circled-img panel-row-style panel-row-style-for-727-7\" ><div id=\"pgc-727-7-0\"  class=\"panel-grid-cell\" ><div id=\"panel-727-7-0-0\" class=\"so-panel widget widget_sow-editor panel-first-child panel-last-child\" data-index=\"13\" ><div\n\t\t\t\n\t\t\tclass=\"so-widget-sow-editor so-widget-sow-editor-base\"\n\t\t\t\n\t\t>\n<div class=\"siteorigin-widget-tinymce textwidget\">\n\t<p style=\"text-align: center;\"><img loading=\"lazy\" loading=\"lazy\" decoding=\"async\" class=\"alignnone size-medium wp-image-398\" src=\"https:\/\/www.elektropostal.org\/wp-content\/uploads\/2020\/08\/IMG_0643-2-e1598783033752-244x300.jpeg\" alt=\"\" width=\"244\" height=\"300\"><\/p>\n<h4 style=\"text-align: center;\">Patricia Perol<\/h4>\n<p>Patricia, n\u00e9e en Allemagne, de nationalit\u00e9 Franco Suisse. Passionn\u00e9e par les voyages, les \u00e9changes inter-culturels, d'aviation et de tout ce qui vole. Engag\u00e9e pour un avenir \u00e9co-durable.<\/p>\n<\/div>\n<\/div><\/div><\/div><div id=\"pgc-727-7-1\"  class=\"panel-grid-cell panel-grid-cell-mobile-last\" ><div id=\"panel-727-7-1-0\" class=\"so-panel widget widget_sow-editor panel-first-child panel-last-child\" data-index=\"14\" ><div\n\t\t\t\n\t\t\tclass=\"so-widget-sow-editor so-widget-sow-editor-base\"\n\t\t\t\n\t\t>\n<div class=\"siteorigin-widget-tinymce textwidget\">\n\t<p><img loading=\"lazy\" loading=\"lazy\" decoding=\"async\" class=\"size-medium wp-image-404 aligncenter\" src=\"https:\/\/www.elektropostal.org\/wp-content\/uploads\/2020\/08\/Benj-1-e1598799640884-278x300.jpg\" alt=\"\" width=\"278\" height=\"300\"><\/p>\n<h4 style=\"text-align: center;\">Benjamin Vignal<\/h4>\n<p style=\"text-align: center;\">&nbsp;<\/p>\n<\/div>\n<\/div><\/div><\/div><div id=\"pgc-727-7-2\"  class=\"panel-grid-cell panel-grid-cell-empty\" ><\/div><\/div><\/div><div id=\"pg-727-8\"  class=\"panel-grid panel-no-style\" ><div id=\"pgc-727-8-0\"  class=\"panel-grid-cell\" ><div id=\"panel-727-8-0-0\" class=\"so-panel widget widget_sow-headline panel-first-child panel-last-child\" data-index=\"15\" ><div\n\t\t\t\n\t\t\tclass=\"so-widget-sow-headline so-widget-sow-headline-default-2322e81b9ecd-727\"\n\t\t\t\n\t\t><div class=\"sow-headline-container \">\n\t\t\t\t\t\t\t<h1 class=\"sow-headline\">\n\t\t\t\t\t\tCOMMUNICATION\t\t\t\t\t\t<\/h1>\n\t\t\t\t\t\t<\/div>\n<\/div><\/div><\/div><\/div><div id=\"pg-727-9\"  class=\"panel-grid panel-has-style\" ><div class=\"ep-circled-img panel-row-style panel-row-style-for-727-9\" ><div id=\"pgc-727-9-0\"  class=\"panel-grid-cell\" ><div id=\"panel-727-9-0-0\" class=\"so-panel widget widget_sow-editor panel-first-child panel-last-child\" data-index=\"16\" ><div\n\t\t\t\n\t\t\tclass=\"so-widget-sow-editor so-widget-sow-editor-base\"\n\t\t\t\n\t\t>\n<div class=\"siteorigin-widget-tinymce textwidget\">\n\t<p style=\"text-align: center;\"><img loading=\"lazy\" loading=\"lazy\" decoding=\"async\" class=\"wp-image-69 aligncenter\" src=\"https:\/\/www.elektropostal.org\/wp-content\/uploads\/2020\/08\/Raphael-Domjan_original_backup-e1597927399568-300x300.jpg\" alt=\"\" width=\"270\" height=\"270\" srcset=\"https:\/\/www.elektropostal.aero\/wp-content\/uploads\/2020\/08\/Raphael-Domjan_original_backup-e1597927399568-300x300.jpg 300w, https:\/\/www.elektropostal.aero\/wp-content\/uploads\/2020\/08\/Raphael-Domjan_original_backup-e1597927399568-150x150.jpg 150w, https:\/\/www.elektropostal.aero\/wp-content\/uploads\/2020\/08\/Raphael-Domjan_original_backup-e1597927399568-500x500.jpg 500w, https:\/\/www.elektropostal.aero\/wp-content\/uploads\/2020\/08\/Raphael-Domjan_original_backup-e1597927399568.jpg 567w\" sizes=\"auto, (max-width: 270px) 100vw, 270px\" \/><\/p>\n<h4 style=\"text-align: center;\">Rapha\u00ebl Domjan<\/h4>\n<\/div>\n<\/div><\/div><\/div><div id=\"pgc-727-9-1\"  class=\"panel-grid-cell\" ><div id=\"panel-727-9-1-0\" class=\"so-panel widget widget_sow-editor panel-first-child panel-last-child\" data-index=\"17\" ><div\n\t\t\t\n\t\t\tclass=\"so-widget-sow-editor so-widget-sow-editor-base\"\n\t\t\t\n\t\t>\n<div class=\"siteorigin-widget-tinymce textwidget\">\n\t<p><img loading=\"lazy\" loading=\"lazy\" decoding=\"async\" class=\"aligncenter wp-image-243 size-medium\" src=\"https:\/\/www.elektropostal.org\/wp-content\/uploads\/2020\/08\/mail-e1598520654226-300x300.jpg\" alt=\"\" width=\"300\" height=\"300\" srcset=\"https:\/\/www.elektropostal.aero\/wp-content\/uploads\/2020\/08\/mail-e1598520654226-300x300.jpg 300w, https:\/\/www.elektropostal.aero\/wp-content\/uploads\/2020\/08\/mail-e1598520654226-150x150.jpg 150w, https:\/\/www.elektropostal.aero\/wp-content\/uploads\/2020\/08\/mail-e1598520654226-500x500.jpg 500w, https:\/\/www.elektropostal.aero\/wp-content\/uploads\/2020\/08\/mail-e1598520654226.jpg 517w\" sizes=\"auto, (max-width: 300px) 100vw, 300px\" \/><\/p>\n<h4 style=\"text-align: center;\">Ilhame Guechati<\/h4>\n<p style=\"text-align: center;\">&nbsp;<\/p>\n<\/div>\n<\/div><\/div><\/div><div id=\"pgc-727-9-2\"  class=\"panel-grid-cell\" ><div id=\"panel-727-9-2-0\" class=\"so-panel widget widget_sow-editor panel-first-child panel-last-child\" data-index=\"18\" ><div\n\t\t\t\n\t\t\tclass=\"so-widget-sow-editor so-widget-sow-editor-base\"\n\t\t\t\n\t\t>\n<div class=\"siteorigin-widget-tinymce textwidget\">\n\t<h4 style=\"text-align: center;\">&nbsp;<\/h4>\n<p style=\"text-align: center;\">&nbsp;<\/p>\n<\/div>\n<\/div><\/div><\/div><\/div><\/div><div id=\"pg-727-10\"  class=\"panel-grid panel-has-style\" ><div class=\"panel-row-style panel-row-style-for-727-10\" ><div id=\"pgc-727-10-0\"  class=\"panel-grid-cell\" ><div id=\"panel-727-10-0-0\" class=\"so-panel widget widget_sow-headline panel-first-child panel-last-child\" data-index=\"19\" ><div\n\t\t\t\n\t\t\tclass=\"so-widget-sow-headline so-widget-sow-headline-default-2322e81b9ecd-727\"\n\t\t\t\n\t\t><div class=\"sow-headline-container \">\n\t\t\t\t\t\t\t<h1 class=\"sow-headline\">\n\t\t\t\t\t\tAMBASSADEURS\t\t\t\t\t\t<\/h1>\n\t\t\t\t\t\t<\/div>\n<\/div><\/div><\/div><\/div><\/div><div id=\"pg-727-11\"  class=\"panel-grid panel-has-style\" ><div class=\"ep-circled-img panel-row-style panel-row-style-for-727-11\" ><div id=\"pgc-727-11-0\"  class=\"panel-grid-cell\" ><div id=\"panel-727-11-0-0\" class=\"so-panel widget widget_sow-editor panel-first-child panel-last-child\" data-index=\"20\" ><div\n\t\t\t\n\t\t\tclass=\"so-widget-sow-editor so-widget-sow-editor-base\"\n\t\t\t\n\t\t>\n<div class=\"siteorigin-widget-tinymce textwidget\">\n\t<p><img loading=\"lazy\" loading=\"lazy\" decoding=\"async\" class=\"size-medium wp-image-257 aligncenter\" src=\"https:\/\/www.elektropostal.org\/wp-content\/uploads\/2020\/08\/AVT_Bertrand-Piccard_6382-300x300.jpeg\" alt=\"\" width=\"300\" height=\"300\" srcset=\"https:\/\/www.elektropostal.aero\/wp-content\/uploads\/2020\/08\/AVT_Bertrand-Piccard_6382.jpeg 300w, https:\/\/www.elektropostal.aero\/wp-content\/uploads\/2020\/08\/AVT_Bertrand-Piccard_6382-150x150.jpeg 150w\" sizes=\"auto, (max-width: 300px) 100vw, 300px\" \/><\/p>\n<h4 style=\"text-align: center;\">Bertrand Piccard<\/h4>\n<p>Bertrand Piccard, n\u00e9 le 1er mars 1958 \u00e0 Lausanne, psychiatre et a\u00e9ronaute suisse. Fils de l'oc\u00e9anographe Jacques Piccard et petit-fils du physicien Auguste Piccard.<br \/>R\u00e9ussi le premier tour du monde en ballon (du 1er au 21 mars 1999) \u00e0 bord du ballon Breitling Orbiter 3.Co-d\u00e9veloppe et co-pilote l'avion solaire Solar Impulse, et r\u00e9alise un tour du monde de mars 2015 \u00e0 juillet 2016.<br \/>Co-cr\u00e9ateur de \u00ab Alliance mondiale pour les technologies propres \u00bb, lors de la conf\u00e9rence de Marrakech (COP22) le 22 novembre 2016, pour f\u00e9d\u00e9rer les acteurs \u00e9conomiques des technologies des \u00e9nergies renouvelables et du d\u00e9veloppement durable.<\/p>\n<\/div>\n<\/div><\/div><\/div><div id=\"pgc-727-11-1\"  class=\"panel-grid-cell\" ><div id=\"panel-727-11-1-0\" class=\"so-panel widget widget_sow-editor panel-first-child panel-last-child\" data-index=\"21\" ><div\n\t\t\t\n\t\t\tclass=\"so-widget-sow-editor so-widget-sow-editor-base\"\n\t\t\t\n\t\t>\n<div class=\"siteorigin-widget-tinymce textwidget\">\n\t<p><img loading=\"lazy\" loading=\"lazy\" decoding=\"async\" class=\"aligncenter wp-image-441 size-full\" src=\"https:\/\/www.elektropostal.org\/wp-content\/uploads\/2020\/08\/JFC-e1598999086751.jpg\" alt=\"\" width=\"665\" height=\"665\" srcset=\"https:\/\/www.elektropostal.aero\/wp-content\/uploads\/2020\/08\/JFC-e1598999086751.jpg 665w, https:\/\/www.elektropostal.aero\/wp-content\/uploads\/2020\/08\/JFC-e1598999086751-300x300.jpg 300w, https:\/\/www.elektropostal.aero\/wp-content\/uploads\/2020\/08\/JFC-e1598999086751-150x150.jpg 150w, https:\/\/www.elektropostal.aero\/wp-content\/uploads\/2020\/08\/JFC-e1598999086751-500x500.jpg 500w\" sizes=\"auto, (max-width: 665px) 100vw, 665px\" \/><\/p>\n<h4 style=\"text-align: center;\">Jean Fran\u00e7ois Clervoy<\/h4>\n<p>Les pionniers de l\u2019A\u00e9ropostale seraient fiers aujourd\u2019hui de leurs enfants spirituels. Nombreux sont ceux qui inspir\u00e9s par les plus grands aviateurs des d\u00e9buts ont choisis d\u2019honorer leurs exploits en suivant les m\u00eames navigations, comme j\u2019ai pu le vivre avec bonheur en parcourant la route A\u00e9ropostale. Heureusement l\u2019esprit de conqu\u00eate de l\u2019air ne se contente pas de rendre hommage aux aventures pass\u00e9es, il entretient aussi l\u2019audace des premiers en osant une vision r\u00e9volutionnaire du futur dans les airs. L\u2019aventure Elektropostal s\u2019inscrit justement dans cette vision qui rappelle les mots d\u2019Antoine de Saint-Exup\u00e9ry \u00ab l\u2019avenir, il ne s\u2019agit pas de le pr\u00e9voir, mais de le rendre possible \u00bb, car l\u2019\u00e2me des pionniers ne perdurera qu\u2019\u00e0 travers cette d\u00e9marche exigeante d\u2019oser non seulement avec son corps mais aussi avec ses id\u00e9es. Je suis fier et honor\u00e9 d\u2019\u00eatre choisi comme l\u2019un des parrains de cette toute premi\u00e8re et nouvelle aventure a\u00e9rienne en harmonie avec les objectifs d\u2019un futur durable.<\/p>\n<\/div>\n<\/div><\/div><\/div><\/div><\/div><\/div>","protected":false},"excerpt":{"rendered":"<p>TEAM DIRECTION Herv\u00e9 Berardi Pilote de ligne, instructeur, 11 000 heures de vol.Parcourt la ligne A\u00e9ropostale depuis plus de 20 ans en Europe, Afrique et Am\u00e9rique du sud.Passionn\u00e9 d\u2019a\u00e9ronautique et de l\u2019histoire de l\u2019A\u00e9ropostale, son engagement dans le monde associatif solidaire, culturel, pour la Jeunesse est fort.Souhaite participer \u00e0 la construction de l\u2019aviation du futur [&hellip;]<\/p>\n","protected":false},"author":1,"featured_media":0,"parent":0,"menu_order":6,"comment_status":"closed","ping_status":"closed","template":"","meta":{"footnotes":""},"class_list":["post-727","page","type-page","status-publish","hentry","post"],"yoast_head":"<!-- This site is optimized with the Yoast SEO plugin v27.5 - https:\/\/yoast.com\/product\/yoast-seo-wordpress\/ -->\n<title>Team - ELEKTROPOSTAL<\/title>\n<meta name=\"robots\" content=\"index, follow, max-snippet:-1, max-image-preview:large, max-video-preview:-1\" \/>\n<link rel=\"canonical\" href=\"https:\/\/www.elektropostal.aero\/en\/team\/\" \/>\n<meta property=\"og:locale\" content=\"en_US\" \/>\n<meta property=\"og:type\" content=\"article\" \/>\n<meta property=\"og:title\" content=\"Team - ELEKTROPOSTAL\" \/>\n<meta property=\"og:description\" content=\"TEAM DIRECTION Herv\u00e9 Berardi Pilote de ligne, instructeur, 11 000 heures de vol.Parcourt la ligne A\u00e9ropostale depuis plus de 20 ans en Europe, Afrique et Am\u00e9rique du sud.Passionn\u00e9 d\u2019a\u00e9ronautique et de l\u2019histoire de l\u2019A\u00e9ropostale, son engagement dans le monde associatif solidaire, culturel, pour la Jeunesse est fort.Souhaite participer \u00e0 la construction de l\u2019aviation du futur [&hellip;]\" \/>\n<meta property=\"og:url\" content=\"https:\/\/www.elektropostal.aero\/en\/team\/\" \/>\n<meta property=\"og:site_name\" content=\"ELEKTROPOSTAL\" \/>\n<meta property=\"article:publisher\" content=\"https:\/\/www.facebook.com\/Elektropostal-100235158367620\" \/>\n<meta property=\"article:modified_time\" content=\"2020-09-03T08:35:14+00:00\" \/>\n<meta property=\"og:image\" content=\"https:\/\/www.elektropostal.org\/wp-content\/uploads\/2020\/08\/herve-e1598998480340-300x300.jpg\" \/>\n<meta name=\"twitter:card\" content=\"summary_large_image\" \/>\n<meta name=\"twitter:label1\" content=\"Est. reading time\" \/>\n\t<meta name=\"twitter:data1\" content=\"5 minutes\" \/>\n<script type=\"application\/ld+json\" class=\"yoast-schema-graph\">{\"@context\":\"https:\\\/\\\/schema.org\",\"@graph\":[{\"@type\":\"WebPage\",\"@id\":\"https:\\\/\\\/www.elektropostal.aero\\\/en\\\/team\\\/\",\"url\":\"https:\\\/\\\/www.elektropostal.aero\\\/en\\\/team\\\/\",\"name\":\"Team - ELEKTROPOSTAL\",\"isPartOf\":{\"@id\":\"https:\\\/\\\/www.elektropostal.aero\\\/en\\\/#website\"},\"primaryImageOfPage\":{\"@id\":\"https:\\\/\\\/www.elektropostal.aero\\\/en\\\/team\\\/#primaryimage\"},\"image\":{\"@id\":\"https:\\\/\\\/www.elektropostal.aero\\\/en\\\/team\\\/#primaryimage\"},\"thumbnailUrl\":\"https:\\\/\\\/www.elektropostal.org\\\/wp-content\\\/uploads\\\/2020\\\/08\\\/herve-e1598998480340-300x300.jpg\",\"datePublished\":\"2020-09-03T08:34:23+00:00\",\"dateModified\":\"2020-09-03T08:35:14+00:00\",\"breadcrumb\":{\"@id\":\"https:\\\/\\\/www.elektropostal.aero\\\/en\\\/team\\\/#breadcrumb\"},\"inLanguage\":\"en-US\",\"potentialAction\":[{\"@type\":\"ReadAction\",\"target\":[\"https:\\\/\\\/www.elektropostal.aero\\\/en\\\/team\\\/\"]}]},{\"@type\":\"ImageObject\",\"inLanguage\":\"en-US\",\"@id\":\"https:\\\/\\\/www.elektropostal.aero\\\/en\\\/team\\\/#primaryimage\",\"url\":\"https:\\\/\\\/www.elektropostal.org\\\/wp-content\\\/uploads\\\/2020\\\/08\\\/herve-e1598998480340-300x300.jpg\",\"contentUrl\":\"https:\\\/\\\/www.elektropostal.org\\\/wp-content\\\/uploads\\\/2020\\\/08\\\/herve-e1598998480340-300x300.jpg\"},{\"@type\":\"BreadcrumbList\",\"@id\":\"https:\\\/\\\/www.elektropostal.aero\\\/en\\\/team\\\/#breadcrumb\",\"itemListElement\":[{\"@type\":\"ListItem\",\"position\":1,\"name\":\"Accueil\",\"item\":\"https:\\\/\\\/www.elektropostal.aero\\\/en\\\/\"},{\"@type\":\"ListItem\",\"position\":2,\"name\":\"Team\"}]},{\"@type\":\"WebSite\",\"@id\":\"https:\\\/\\\/www.elektropostal.aero\\\/en\\\/#website\",\"url\":\"https:\\\/\\\/www.elektropostal.aero\\\/en\\\/\",\"name\":\"ELEKTROPOSTAL\",\"description\":\"Une nouvelle \u00e8re pour un nouvel air\",\"publisher\":{\"@id\":\"https:\\\/\\\/www.elektropostal.aero\\\/en\\\/#organization\"},\"potentialAction\":[{\"@type\":\"SearchAction\",\"target\":{\"@type\":\"EntryPoint\",\"urlTemplate\":\"https:\\\/\\\/www.elektropostal.aero\\\/en\\\/?s={search_term_string}\"},\"query-input\":{\"@type\":\"PropertyValueSpecification\",\"valueRequired\":true,\"valueName\":\"search_term_string\"}}],\"inLanguage\":\"en-US\"},{\"@type\":\"Organization\",\"@id\":\"https:\\\/\\\/www.elektropostal.aero\\\/en\\\/#organization\",\"name\":\"ELEKTROPOSTAL\",\"url\":\"https:\\\/\\\/www.elektropostal.aero\\\/en\\\/\",\"logo\":{\"@type\":\"ImageObject\",\"inLanguage\":\"en-US\",\"@id\":\"https:\\\/\\\/www.elektropostal.aero\\\/en\\\/#\\\/schema\\\/logo\\\/image\\\/\",\"url\":\"https:\\\/\\\/www.elektropostal.aero\\\/wp-content\\\/uploads\\\/2020\\\/08\\\/Logo_Bicolore_vert.png\",\"contentUrl\":\"https:\\\/\\\/www.elektropostal.aero\\\/wp-content\\\/uploads\\\/2020\\\/08\\\/Logo_Bicolore_vert.png\",\"width\":1109,\"height\":438,\"caption\":\"ELEKTROPOSTAL\"},\"image\":{\"@id\":\"https:\\\/\\\/www.elektropostal.aero\\\/en\\\/#\\\/schema\\\/logo\\\/image\\\/\"},\"sameAs\":[\"https:\\\/\\\/www.facebook.com\\\/Elektropostal-100235158367620\",\"https:\\\/\\\/www.instagram.com\\\/elektropostal\\\/?hl=fr\",\"https:\\\/\\\/www.linkedin.com\\\/in\\\/elektropostal-06393b1b5\\\/\"]}]}<\/script>\n<!-- \/ Yoast SEO plugin. -->","yoast_head_json":{"title":"Team - ELEKTROPOSTAL","robots":{"index":"index","follow":"follow","max-snippet":"max-snippet:-1","max-image-preview":"max-image-preview:large","max-video-preview":"max-video-preview:-1"},"canonical":"https:\/\/www.elektropostal.aero\/en\/team\/","og_locale":"en_US","og_type":"article","og_title":"Team - ELEKTROPOSTAL","og_description":"TEAM DIRECTION Herv\u00e9 Berardi Pilote de ligne, instructeur, 11 000 heures de vol.Parcourt la ligne A\u00e9ropostale depuis plus de 20 ans en Europe, Afrique et Am\u00e9rique du sud.Passionn\u00e9 d\u2019a\u00e9ronautique et de l\u2019histoire de l\u2019A\u00e9ropostale, son engagement dans le monde associatif solidaire, culturel, pour la Jeunesse est fort.Souhaite participer \u00e0 la construction de l\u2019aviation du futur [&hellip;]","og_url":"https:\/\/www.elektropostal.aero\/en\/team\/","og_site_name":"ELEKTROPOSTAL","article_publisher":"https:\/\/www.facebook.com\/Elektropostal-100235158367620","article_modified_time":"2020-09-03T08:35:14+00:00","og_image":[{"url":"https:\/\/www.elektropostal.org\/wp-content\/uploads\/2020\/08\/herve-e1598998480340-300x300.jpg","type":"","width":"","height":""}],"twitter_card":"summary_large_image","twitter_misc":{"Est. reading time":"5 minutes"},"schema":{"@context":"https:\/\/schema.org","@graph":[{"@type":"WebPage","@id":"https:\/\/www.elektropostal.aero\/en\/team\/","url":"https:\/\/www.elektropostal.aero\/en\/team\/","name":"Team - ELEKTROPOSTAL","isPartOf":{"@id":"https:\/\/www.elektropostal.aero\/en\/#website"},"primaryImageOfPage":{"@id":"https:\/\/www.elektropostal.aero\/en\/team\/#primaryimage"},"image":{"@id":"https:\/\/www.elektropostal.aero\/en\/team\/#primaryimage"},"thumbnailUrl":"https:\/\/www.elektropostal.org\/wp-content\/uploads\/2020\/08\/herve-e1598998480340-300x300.jpg","datePublished":"2020-09-03T08:34:23+00:00","dateModified":"2020-09-03T08:35:14+00:00","breadcrumb":{"@id":"https:\/\/www.elektropostal.aero\/en\/team\/#breadcrumb"},"inLanguage":"en-US","potentialAction":[{"@type":"ReadAction","target":["https:\/\/www.elektropostal.aero\/en\/team\/"]}]},{"@type":"ImageObject","inLanguage":"en-US","@id":"https:\/\/www.elektropostal.aero\/en\/team\/#primaryimage","url":"https:\/\/www.elektropostal.org\/wp-content\/uploads\/2020\/08\/herve-e1598998480340-300x300.jpg","contentUrl":"https:\/\/www.elektropostal.org\/wp-content\/uploads\/2020\/08\/herve-e1598998480340-300x300.jpg"},{"@type":"BreadcrumbList","@id":"https:\/\/www.elektropostal.aero\/en\/team\/#breadcrumb","itemListElement":[{"@type":"ListItem","position":1,"name":"Accueil","item":"https:\/\/www.elektropostal.aero\/en\/"},{"@type":"ListItem","position":2,"name":"Team"}]},{"@type":"WebSite","@id":"https:\/\/www.elektropostal.aero\/en\/#website","url":"https:\/\/www.elektropostal.aero\/en\/","name":"ELEKTROPOSTAL","description":"Une nouvelle \u00e8re pour un nouvel air","publisher":{"@id":"https:\/\/www.elektropostal.aero\/en\/#organization"},"potentialAction":[{"@type":"SearchAction","target":{"@type":"EntryPoint","urlTemplate":"https:\/\/www.elektropostal.aero\/en\/?s={search_term_string}"},"query-input":{"@type":"PropertyValueSpecification","valueRequired":true,"valueName":"search_term_string"}}],"inLanguage":"en-US"},{"@type":"Organization","@id":"https:\/\/www.elektropostal.aero\/en\/#organization","name":"ELEKTROPOSTAL","url":"https:\/\/www.elektropostal.aero\/en\/","logo":{"@type":"ImageObject","inLanguage":"en-US","@id":"https:\/\/www.elektropostal.aero\/en\/#\/schema\/logo\/image\/","url":"https:\/\/www.elektropostal.aero\/wp-content\/uploads\/2020\/08\/Logo_Bicolore_vert.png","contentUrl":"https:\/\/www.elektropostal.aero\/wp-content\/uploads\/2020\/08\/Logo_Bicolore_vert.png","width":1109,"height":438,"caption":"ELEKTROPOSTAL"},"image":{"@id":"https:\/\/www.elektropostal.aero\/en\/#\/schema\/logo\/image\/"},"sameAs":["https:\/\/www.facebook.com\/Elektropostal-100235158367620","https:\/\/www.instagram.com\/elektropostal\/?hl=fr","https:\/\/www.linkedin.com\/in\/elektropostal-06393b1b5\/"]}]}},"_links":{"self":[{"href":"https:\/\/www.elektropostal.aero\/en\/wp-json\/wp\/v2\/pages\/727","targetHints":{"allow":["GET"]}}],"collection":[{"href":"https:\/\/www.elektropostal.aero\/en\/wp-json\/wp\/v2\/pages"}],"about":[{"href":"https:\/\/www.elektropostal.aero\/en\/wp-json\/wp\/v2\/types\/page"}],"author":[{"embeddable":true,"href":"https:\/\/www.elektropostal.aero\/en\/wp-json\/wp\/v2\/users\/1"}],"replies":[{"embeddable":true,"href":"https:\/\/www.elektropostal.aero\/en\/wp-json\/wp\/v2\/comments?post=727"}],"version-history":[{"count":6,"href":"https:\/\/www.elektropostal.aero\/en\/wp-json\/wp\/v2\/pages\/727\/revisions"}],"predecessor-version":[{"id":733,"href":"https:\/\/www.elektropostal.aero\/en\/wp-json\/wp\/v2\/pages\/727\/revisions\/733"}],"wp:attachment":[{"href":"https:\/\/www.elektropostal.aero\/en\/wp-json\/wp\/v2\/media?parent=727"}],"curies":[{"name":"wp","href":"https:\/\/api.w.org\/{rel}","templated":true}]}}